{"id":2827,"date":"2026-04-26T22:07:36","date_gmt":"2026-04-26T20:07:36","guid":{"rendered":"https:\/\/lengetur.no\/?page_id=2827"},"modified":"2026-04-30T12:45:30","modified_gmt":"2026-04-30T10:45:30","slug":"langturkurs-kajakk","status":"publish","type":"page","link":"https:\/\/lengetur.no\/?page_id=2827","title":{"rendered":"&#8211; LANGTURKURS HAVKAJAKK"},"content":{"rendered":"\n<h2 class=\"wp-block-heading has-text-align-center\">HVALER, 11-14. JUNI 2026<\/h2>\n\n\n\n<h1 class=\"wp-block-heading has-text-align-center has-text-color has-link-color wp-elements-62b944712efac4f0de11ca2c0246bee6\" style=\"color:#e72a14\"><strong><em>NYHET!<\/em><\/strong><\/h1>\n\n\n\n<p class=\"has-text-align-center\"><strong>HAR DU EN DR\u00d8M ELLER EN PLAN OM \u00c5 REISE P\u00c5 EN FLERDAGERSTUR MED KAJAKK? DA VIL VI HJELPE DEG P\u00c5 VEIEN MOT EN VELLYKKET TUR!<\/strong><\/p>\n\n\n\n<h3 class=\"wp-block-heading has-text-align-center\">I L\u00d8PET AV KURSDAGENE VIL DU L\u00c6RE DET VI TENKER ER DET GRUNNLEGGENDE DU B\u00d8R KUNNE LITT OM FOR \u00c5 LEGGE UT P\u00c5 EN FLERDAGERSTUR MED KAJAKK<\/h3>\n\n\n\n<figure class=\"wp-block-image aligncenter size-large is-resized\"><img fetchpriority=\"high\" decoding=\"async\" width=\"1024\" height=\"768\" src=\"http:\/\/lengetur.no\/wp-content\/uploads\/2026\/04\/IMG_2957-1-1024x768.jpg\" alt=\"\" class=\"wp-image-2833\" style=\"width:856px;height:auto\" srcset=\"https:\/\/lengetur.no\/wp-content\/uploads\/2026\/04\/IMG_2957-1-1024x768.jpg 1024w, https:\/\/lengetur.no\/wp-content\/uploads\/2026\/04\/IMG_2957-1-300x225.jpg 300w, https:\/\/lengetur.no\/wp-content\/uploads\/2026\/04\/IMG_2957-1-2000x1500.jpg 2000w\" sizes=\"(max-width: 1024px) 100vw, 1024px\" \/><\/figure>\n\n\n\n<p><\/p>\n\n\n\n<p><strong>NOEN AV TEMAENE VI SKAL GJENNOM ER:<\/strong><\/p>\n\n\n\n<p>-Oppsett og pakking av kajakken<\/p>\n\n\n\n<p>-Repetisjon av grunnleggende padleteknikk for langtur<\/p>\n\n\n\n<p>-Rutiner under forflytning<\/p>\n\n\n\n<p>-Telt-\/hengek\u00f8yeoppsett og leirrutiner<\/p>\n\n\n\n<p>-Ruteplanlegging og navigasjon<\/p>\n\n\n\n<p>-Forebyggende f\u00f8rstehjelp<\/p>\n\n\n\n<p><\/p>\n\n\n\n<h3 class=\"wp-block-heading has-text-align-center\"><strong><strong><u>DET ER P\u00c5KREVD AT MAN HAR GJENNOMF\u00d8RT OG BEST\u00c5TT V\u00c5TTKORT\/GRUNNKURS HAV F\u00d8R KURSSTART 11. JUNI<\/u><\/strong><\/strong><\/h3>\n\n\n\n<p class=\"has-primary-color has-text-color has-link-color wp-elements-88f2708f6e9e044d7e51a4d390416219\">Her er link til <strong>GRUNNKURS HAV<\/strong> dersom du ikke allerede har gjennomf\u00f8rt og best\u00e5tt dette kurset: <strong><a href=\"https:\/\/padling.no\/vaattkort\/\" target=\"_blank\" rel=\"noreferrer noopener\">https:\/\/padling.no\/vaattkort\/ <\/a><\/strong><\/p>\n\n\n\n<p class=\"has-primary-color has-text-color has-link-color wp-elements-4116259ff358e215b0cdfae17d9285bd\">Nederst p\u00e5 forbundets kursside (link ovenfor) finner du oversikt over kursdatoer. Grunnkurs hav er ganske langt ned p\u00e5 lista. Vi anbefaler \u00e5 ta kurs med <strong><a href=\"https:\/\/kajakkogpadling.no\/\" data-type=\"link\" data-id=\"https:\/\/kajakkogpadling.no\/\" target=\"_blank\" rel=\"noreferrer noopener\">Kajakk og Padling<\/a><\/strong> i Engelsviken. Det er ogs\u00e5 de som leverer leiekajakkene v\u00e5re. For p\u00e5melding p\u00e5 kurs med dem kan du ta direkte kontakt her: <a href=\"https:\/\/kajakkogpadling.no\/\"><strong>https:\/\/kajakkogpadling.no\/<\/strong><\/a><\/p>\n\n\n\n<p><strong>Dersom du ikke har egen havkajakk, kan du leie komplett utstyr gjennom oss.<\/strong><\/p>\n\n\n\n<p class=\"has-primary-color has-text-color has-link-color wp-elements-8a22c625ed449923e1b5c47764002765\">Vi er en av sv\u00e6rt f\u00e5 tur- og kursarrang\u00f8rer som har samarbeidsavtale med <strong><a href=\"http:\/\/amokequipment.com\" data-type=\"link\" data-id=\"amokequipment.com\" target=\"_blank\" rel=\"noreferrer noopener\">AMOK<\/a><\/strong>, og som deltaker p\u00e5 dette kurset f\u00e5r du ogs\u00e5 en unik mulighet til \u00e5 pr\u00f8ve AMOK Draumr. Hengek\u00f8ya som knuser alt n\u00e5r det gjelder liggekomfort p\u00e5 tur! Alle deltakere som \u00f8nsker \u00e5 benytte denne k\u00f8ya f\u00e5r l\u00e5ne komplett k\u00f8ye helt kostnadsfritt av oss.<\/p>\n\n\n\n<p class=\"has-primary-color has-text-color has-link-color wp-elements-442643c6f17eada27f09d2ad6a0e9c26\">Vi har ogs\u00e5 et antall lettvektstelt fra <strong><a href=\"http:\/\/barentsoutdoor.no\" data-type=\"link\" data-id=\"barentsoutdoor.no\" target=\"_blank\" rel=\"noreferrer noopener\">BARENTS OUTDOOR<\/a><a href=\"http:\/\/barentsoutdoor.no\" data-type=\"link\" data-id=\"barentsoutdoor.no\"> <\/a><\/strong>til utl\u00e5n til v\u00e5re deltakere som \u00f8nsker \u00e5 benytte telt, men ikke har eget.<\/p>\n\n\n\n<p class=\"has-primary-color has-text-color has-link-color wp-elements-4a2f33e6f260cc4b8c72ff929ba567a8\"><strong>KURSINSTRUKT\u00d8RER:<\/strong>       <strong><a href=\"https:\/\/lengetur.no\/?page_id=2219\" data-type=\"page\" data-id=\"2219\" target=\"_blank\" rel=\"noreferrer noopener\">ANN-KRISTIN SKINLO<\/a> <\/strong>og <a href=\"https:\/\/lengetur.no\/?page_id=1485\" data-type=\"page\" data-id=\"1485\" target=\"_blank\" rel=\"noreferrer noopener\"><strong>MARI GALAASEN<\/strong><\/a>. Dersom det blir flere enn fire deltakere vil det bli tre instrukt\u00f8rer.<\/p>\n\n\n\n<figure class=\"wp-block-image aligncenter size-full\"><img decoding=\"async\" width=\"720\" height=\"540\" src=\"http:\/\/lengetur.no\/wp-content\/uploads\/2026\/04\/AK-REDNING.jpeg\" alt=\"\" class=\"wp-image-2831\" srcset=\"https:\/\/lengetur.no\/wp-content\/uploads\/2026\/04\/AK-REDNING.jpeg 720w, https:\/\/lengetur.no\/wp-content\/uploads\/2026\/04\/AK-REDNING-300x225.jpeg 300w\" sizes=\"(max-width: 720px) 100vw, 720px\" \/><figcaption class=\"wp-element-caption\">ANN-KRISTIN GIR KYNDIG VEILEDNING P\u00c5 KURSET<\/figcaption><\/figure>\n\n\n\n<h2 class=\"wp-block-heading\">DAGSPLAN:<\/h2>\n\n\n\n<p>Det tas forbehold om endringer i dagsplan og planlagt rute grunnet v\u00e6r og vind som vi ikke r\u00e5r over. <\/p>\n\n\n\n<p>DETALJERT DAGSPLAN SENDES UT ETTER P\u00c5MELDING!<\/p>\n\n\n\n<p><strong>Dag 1, 11\/6-26:<\/strong><br><br>Oppm\u00f8te Skj\u00e6rhalden kl 17.30.  Utdeling av l\u00e5ne-\/leieutstyr. Pakking og tilpassing av kajakk.  Vi padler ca 2km fra Skj\u00e6rhalden til Renneviksholmen hvor vi har f\u00f8rste leir.<br><br><strong>Dag 2, 12\/6-26:<\/strong><\/p>\n\n\n\n<p>Fra Renneviksholmen til Tresvika \u2013 tilrettelagt \u00abbade og leirplass\u00bb gjennom Oslofjorden friluftsr\u00e5d.<br>Distansen er ikke alt for lang, men her vil vi legge til og trekke fra p\u00e5 ruta alt etter v\u00e6r og vind. I dag skal vi \u00f8ve p\u00e5 blant annet navigasjon, s\u00e5 da blir ruta litt til etter hva kursinstrukt\u00f8rer og deltakere foresl\u00e5r ut fra kartet.<\/p>\n\n\n\n<p><strong>Dag 3, 13\/6-26:<\/strong><\/p>\n\n\n\n<p>Tresvika til Stuevika camping. Ogs\u00e5 i dag vil vi padle &laquo;omveier&raquo; mellom leirene for \u00e5 \u00f8ve p\u00e5 flere elementer i forhold til det \u00e5 v\u00e6re p\u00e5 langtur. Og kanskje dumper vi innom en kaf\u00e9 for en is p\u00e5 veien?<\/p>\n\n\n\n<p><strong>Dag 4, 14\/6-26:<\/strong><\/p>\n\n\n\n<p>Stuevika til Skj\u00e6rhalden<br>Kremen av Hvaler synes vi! Syd\u00f8stsiden av Herf\u00f8l blir en veldig flott avslutning p\u00e5 kurset, og er vi heldige f\u00e5r vi se sel mens vi padler siste etappe. Dersom det er \u00f8nske om det fra deltakerne er vi veldig glade i \u00e5 avrunde kurset med et felles m\u00e5ltid p\u00e5 n\u00e6rmeste spisested.<\/p>\n\n\n\n<figure class=\"wp-block-image aligncenter size-large\"><img decoding=\"async\" width=\"1024\" height=\"664\" src=\"http:\/\/lengetur.no\/wp-content\/uploads\/2026\/04\/IMG_1079-1024x664.jpg\" alt=\"\" class=\"wp-image-2832\" srcset=\"https:\/\/lengetur.no\/wp-content\/uploads\/2026\/04\/IMG_1079-1024x664.jpg 1024w, https:\/\/lengetur.no\/wp-content\/uploads\/2026\/04\/IMG_1079-300x195.jpg 300w, https:\/\/lengetur.no\/wp-content\/uploads\/2026\/04\/IMG_1079-2000x1298.jpg 2000w\" sizes=\"(max-width: 1024px) 100vw, 1024px\" \/><\/figure>\n\n\n\n<p><\/p>\n\n\n\n<p><\/p>\n\n\n\n<h2 class=\"wp-block-heading\">UTSTYR:<\/h2>\n\n\n\n<p>DETALJERT UTSTYRSLISTE SENDES UT ETTER P\u00c5MELDING!<\/p>\n\n\n\n<p>Det forutsettes at deltakerne har utstyr som er tilpasset og egnet for denne type kurs. kursintrukt\u00f8r har anledning til \u00e5 nekte deltaker \u00e5 delta p\u00e5 kurset dersom vedkommende har med mangelfullt utstyr eller hvis den fysiske tilstanden ikke er p\u00e5 det niv\u00e5et turen krever. Deltaker kan av samme grunn bli bedt om \u00e5 avbryte kurset underveis. Dersom kursinstrukt\u00f8r m\u00e5 ta denne avgj\u00f8relsen, m\u00e5 deltaker dekke de utgiftene som m\u00e5tte komme til for arrang\u00f8ren og deltakeren selv som f\u00f8lge av dette.\u00a0Arrang\u00f8ren har mulighet til \u00e5 bist\u00e5 med noen utstyr dersom man gir beskjed i rimelig tid.<\/p>\n\n\n\n<p><strong>F\u00f8lgende utstyr M\u00c5 alle ha:<\/strong><\/p>\n\n\n\n<ul class=\"wp-block-list\">\n<li>Havkajakk med minimum et vanntett skott. <strong>Kajakk kan leies gjennom oss for kr 1000,- <\/strong>(inkl \u00e5re, vest, spruttrekk og pumpe).<\/li>\n\n\n\n<li>\u00c5re<\/li>\n\n\n\n<li>Vest <\/li>\n\n\n\n<li>Spruttrekk<\/li>\n\n\n\n<li>Sandaler\/padlesko pga stillehavs\u00f8sters<\/li>\n<\/ul>\n\n\n\n<p><strong>F\u00f8lgende utstyr er valgfritt:<\/strong><\/p>\n\n\n\n<ul class=\"wp-block-list\">\n<li>\u00c5repose<\/li>\n\n\n\n<li>Pumpe<\/li>\n\n\n\n<li>Taueline<\/li>\n\n\n\n<li>Cowstail<\/li>\n<\/ul>\n\n\n\n<p><strong>Bekledning:<\/strong><\/p>\n\n\n\n<p>V\u00e5tdrakt eller t\u00f8rrdrakt er opp til hver enkelt, men blir trolig veldig varmt\/klamt. \u00abVanlige turkl\u00e6r\u00bb fungerer fint, men b\u00f8r ha bukse du kan trekke opp og sandaler\/padlesko.<br><\/p>\n\n\n\n<p><strong>INNTIL TI PLASSER P\u00c5 KURSET. DET M\u00c5 MINIMUM V\u00c6RE FIRE P\u00c5MELDTE FOR AT KURSET SKAL BLI GJENNOMF\u00d8RT. <\/strong><\/p>\n\n\n\n<h2 class=\"wp-block-heading has-secondary-color has-text-color has-link-color wp-elements-2e782867e182d44c4114d02148a50f5e\"><strong>DELTAKERAVGIFT: kr 5750,-<\/strong><\/h2>\n\n\n\n<p class=\"has-primary-color has-text-color has-link-color wp-elements-dd72d5196675d8d14a1b934f2edad62f\"><a href=\"https:\/\/lengetur.no\/?page_id=1362\" data-type=\"page\" data-id=\"1362\" target=\"_blank\" rel=\"noreferrer noopener\"><strong>V\u00c5RE BETALINGSBETINGELSER<\/strong><\/a><\/p>\n\n\n\n<h2 class=\"wp-block-heading has-secondary-color has-text-color has-link-color wp-elements-a84acf0b8841444637495fb84fcc1ec2\"><a href=\"https:\/\/lengetur.no\/?page_id=2904\" data-type=\"page\" data-id=\"2904\"><strong>FULLF\u00d8R DIN P\u00c5MELDING HER<\/strong><\/a><\/h2>\n\n\n\n<p><\/p>\n\n\n\n<h4 class=\"wp-block-heading\"><strong>INKLUDERT I PRISEN<\/strong><\/h4>\n\n\n\n<ul class=\"wp-block-list\">\n<li>Kurs over 4 dager p\u00e5 Hvaler med alle tillatelser, forsikring osv<\/li>\n\n\n\n<li>Lokalkjente kursinstrukt\u00f8rer <\/li>\n\n\n\n<li>Overnatting p\u00e5 Tresvika og Stuevika Camping<\/li>\n\n\n\n<li>L\u00e5n av komplett AMOK Draumr for de som \u00f8nsker det.<\/li>\n\n\n\n<li>L\u00e5netelt fra BARENTS OUTDOOR for de som ikke har eget telt.<\/li>\n\n\n\n<li>Utfyllende utstyrsliste<\/li>\n\n\n\n<li>Oppf\u00f8lging av kursinstrukt\u00f8r fram mot kurset<\/li>\n\n\n\n<li>Teamsm\u00f8te med kursinstrukt\u00f8rene og de andre deltakerne ca to uker f\u00f8r kurset<\/li>\n<\/ul>\n\n\n\n<h4 class=\"wp-block-heading\"><strong>IKKE INKLUDERT I PRISEN<\/strong><\/h4>\n\n\n\n<ul class=\"wp-block-list\">\n<li>Reisen til og fra kursstedet.<\/li>\n\n\n\n<li>Evnt. parkeringsavgift i Skj\u00e6rhalden<\/li>\n\n\n\n<li>Personlig utstyr til \u00e5 gjennomf\u00f8re kurset (se utstyrsliste)<\/li>\n\n\n\n<li>Frokost, lunsj og middag i tre dager. Vi anbefaler REAL Turmat til alle m\u00e5ltider<\/li>\n\n\n\n<li>Personlig snack, sjokolade, n\u00f8tter osv til kurset (mellom m\u00e5ltider)<\/li>\n\n\n\n<li>Personlig reise-\/ulykke-\/avbestillingsforsikring<\/li>\n\n\n\n<li>Eventuell fellesmiddag i Skj\u00e6rhalden som avslutning p\u00e5 kurset<\/li>\n<\/ul>\n","protected":false},"excerpt":{"rendered":"<p>HVALER, 11-14. JUNI 2026 NYHET! HAR DU EN DR\u00d8M ELLER EN PLAN OM \u00c5 REISE P\u00c5 EN FLERDAGERSTUR MED KAJAKK? DA VIL VI HJELPE DEG P\u00c5 VEIEN MOT EN VELLYKKET TUR! I L\u00d8PET AV KURSDAGENE VIL DU L\u00c6RE DET VI TENKER ER DET GRUNNLEGGENDE DU B\u00d8R KUNNE LITT OM FOR \u00c5 LEGGE UT P\u00c5 EN &hellip; <\/p>\n<p class=\"link-more\"><a href=\"https:\/\/lengetur.no\/?page_id=2827\" class=\"more-link\">Read more<span class=\"screen-reader-text\"> &laquo;&#8211; LANGTURKURS HAVKAJAKK&raquo;<\/span><\/a><\/p>\n","protected":false},"author":1,"featured_media":0,"parent":0,"menu_order":0,"comment_status":"closed","ping_status":"closed","template":"","meta":{"inspiro_hide_title":false,"footnotes":""},"class_list":["post-2827","page","type-page","status-publish","hentry"],"_links":{"self":[{"href":"https:\/\/lengetur.no\/index.php?rest_route=\/wp\/v2\/pages\/2827","targetHints":{"allow":["GET"]}}],"collection":[{"href":"https:\/\/lengetur.no\/index.php?rest_route=\/wp\/v2\/pages"}],"about":[{"href":"https:\/\/lengetur.no\/index.php?rest_route=\/wp\/v2\/types\/page"}],"author":[{"embeddable":true,"href":"https:\/\/lengetur.no\/index.php?rest_route=\/wp\/v2\/users\/1"}],"replies":[{"embeddable":true,"href":"https:\/\/lengetur.no\/index.php?rest_route=%2Fwp%2Fv2%2Fcomments&post=2827"}],"version-history":[{"count":52,"href":"https:\/\/lengetur.no\/index.php?rest_route=\/wp\/v2\/pages\/2827\/revisions"}],"predecessor-version":[{"id":2971,"href":"https:\/\/lengetur.no\/index.php?rest_route=\/wp\/v2\/pages\/2827\/revisions\/2971"}],"wp:attachment":[{"href":"https:\/\/lengetur.no\/index.php?rest_route=%2Fwp%2Fv2%2Fmedia&parent=2827"}],"curies":[{"name":"wp","href":"https:\/\/api.w.org\/{rel}","templated":true}]}}